{"id":9252,"date":"2025-05-20T06:18:42","date_gmt":"2025-05-20T06:18:42","guid":{"rendered":"https:\/\/pflegezentrum-yspertal.at\/wordpress\/?post_type=praktika&#038;p=9252"},"modified":"2025-05-20T06:21:58","modified_gmt":"2025-05-20T06:21:58","slug":"praktikumsstelle-fuer-lebens-und-sozialberaterinnen-und-berater-in-ausbildung-m-w-d","status":"publish","type":"praktika","link":"https:\/\/pflegezentrum-yspertal.at\/wordpress\/praktika\/praktikumsstelle-fuer-lebens-und-sozialberaterinnen-und-berater-in-ausbildung-m-w-d","title":{"rendered":"Praktikumsstelle f\u00fcr Lebens- und Sozialberaterinnen und -berater in Ausbildung (m\/w\/d)"},"template":"","class_list":["post-9252","praktika","type-praktika","status-publish","hentry"],"yoast_head":"<!-- This site is optimized with the Yoast SEO plugin v27.4 - https:\/\/yoast.com\/product\/yoast-seo-wordpress\/ -->\n<title>Praktikumsstelle f\u00fcr Lebens- und Sozialberaterinnen und -berater in Ausbildung (m\/w\/d) - Pflegezentrum Yspertal<\/title>\n<meta name=\"robots\" content=\"index, follow, max-snippet:-1, max-image-preview:large, max-video-preview:-1\" \/>\n<link rel=\"canonical\" href=\"https:\/\/pflegezentrum-yspertal.at\/wordpress\/praktika\/praktikumsstelle-fuer-lebens-und-sozialberaterinnen-und-berater-in-ausbildung-m-w-d\" \/>\n<meta property=\"og:locale\" content=\"de_DE\" \/>\n<meta property=\"og:type\" content=\"article\" \/>\n<meta property=\"og:title\" content=\"Praktikumsstelle f\u00fcr Lebens- und Sozialberaterinnen und -berater in Ausbildung (m\/w\/d) - Pflegezentrum Yspertal\" \/>\n<meta property=\"og:url\" content=\"https:\/\/pflegezentrum-yspertal.at\/wordpress\/praktika\/praktikumsstelle-fuer-lebens-und-sozialberaterinnen-und-berater-in-ausbildung-m-w-d\" \/>\n<meta property=\"og:site_name\" content=\"Pflegezentrum Yspertal\" \/>\n<meta property=\"article:modified_time\" content=\"2025-05-20T06:21:58+00:00\" \/>\n<meta name=\"twitter:card\" content=\"summary_large_image\" \/>\n<meta name=\"twitter:label1\" content=\"Gesch\u00e4tzte Lesezeit\" \/>\n\t<meta name=\"twitter:data1\" content=\"1\u00a0Minute\" \/>\n<script type=\"application\/ld+json\" class=\"yoast-schema-graph\">{\"@context\":\"https:\\\/\\\/schema.org\",\"@graph\":[{\"@type\":\"WebPage\",\"@id\":\"https:\\\/\\\/pflegezentrum-yspertal.at\\\/wordpress\\\/praktika\\\/praktikumsstelle-fuer-lebens-und-sozialberaterinnen-und-berater-in-ausbildung-m-w-d\",\"url\":\"https:\\\/\\\/pflegezentrum-yspertal.at\\\/wordpress\\\/praktika\\\/praktikumsstelle-fuer-lebens-und-sozialberaterinnen-und-berater-in-ausbildung-m-w-d\",\"name\":\"Praktikumsstelle f\u00fcr Lebens- und Sozialberaterinnen und -berater in Ausbildung (m\\\/w\\\/d) - Pflegezentrum Yspertal\",\"isPartOf\":{\"@id\":\"https:\\\/\\\/yspertal.netzspinnerei.at\\\/#website\"},\"datePublished\":\"2025-05-20T06:18:42+00:00\",\"dateModified\":\"2025-05-20T06:21:58+00:00\",\"breadcrumb\":{\"@id\":\"https:\\\/\\\/pflegezentrum-yspertal.at\\\/wordpress\\\/praktika\\\/praktikumsstelle-fuer-lebens-und-sozialberaterinnen-und-berater-in-ausbildung-m-w-d#breadcrumb\"},\"inLanguage\":\"de\",\"potentialAction\":[{\"@type\":\"ReadAction\",\"target\":[\"https:\\\/\\\/pflegezentrum-yspertal.at\\\/wordpress\\\/praktika\\\/praktikumsstelle-fuer-lebens-und-sozialberaterinnen-und-berater-in-ausbildung-m-w-d\"]}]},{\"@type\":\"BreadcrumbList\",\"@id\":\"https:\\\/\\\/pflegezentrum-yspertal.at\\\/wordpress\\\/praktika\\\/praktikumsstelle-fuer-lebens-und-sozialberaterinnen-und-berater-in-ausbildung-m-w-d#breadcrumb\",\"itemListElement\":[{\"@type\":\"ListItem\",\"position\":1,\"name\":\"Home\",\"item\":\"https:\\\/\\\/pflegezentrum-yspertal.at\\\/wordpress\\\/\"},{\"@type\":\"ListItem\",\"position\":2,\"name\":\"Praktika\",\"item\":\"https:\\\/\\\/yspertal.netzspinnerei.at\\\/praktika\"},{\"@type\":\"ListItem\",\"position\":3,\"name\":\"Praktikumsstelle f\u00fcr Lebens- und Sozialberaterinnen und -berater in Ausbildung (m\\\/w\\\/d)\"}]},{\"@type\":\"WebSite\",\"@id\":\"https:\\\/\\\/yspertal.netzspinnerei.at\\\/#website\",\"url\":\"https:\\\/\\\/yspertal.netzspinnerei.at\\\/\",\"name\":\"Pflegezentrum Yspertal\",\"description\":\"\",\"publisher\":{\"@id\":\"https:\\\/\\\/yspertal.netzspinnerei.at\\\/#organization\"},\"potentialAction\":[{\"@type\":\"SearchAction\",\"target\":{\"@type\":\"EntryPoint\",\"urlTemplate\":\"https:\\\/\\\/yspertal.netzspinnerei.at\\\/?s={search_term_string}\"},\"query-input\":{\"@type\":\"PropertyValueSpecification\",\"valueRequired\":true,\"valueName\":\"search_term_string\"}}],\"inLanguage\":\"de\"},{\"@type\":\"Organization\",\"@id\":\"https:\\\/\\\/yspertal.netzspinnerei.at\\\/#organization\",\"name\":\"Pflegezentrum Yspertal\",\"url\":\"https:\\\/\\\/yspertal.netzspinnerei.at\\\/\",\"logo\":{\"@type\":\"ImageObject\",\"inLanguage\":\"de\",\"@id\":\"https:\\\/\\\/yspertal.netzspinnerei.at\\\/#\\\/schema\\\/logo\\\/image\\\/\",\"url\":\"https:\\\/\\\/pflegezentrum-yspertal.at\\\/wordpress\\\/wp-content\\\/uploads\\\/2023\\\/10\\\/Logo-Border.jpg\",\"contentUrl\":\"https:\\\/\\\/pflegezentrum-yspertal.at\\\/wordpress\\\/wp-content\\\/uploads\\\/2023\\\/10\\\/Logo-Border.jpg\",\"width\":787,\"height\":102,\"caption\":\"Pflegezentrum Yspertal\"},\"image\":{\"@id\":\"https:\\\/\\\/yspertal.netzspinnerei.at\\\/#\\\/schema\\\/logo\\\/image\\\/\"}}]}<\/script>\n<!-- \/ Yoast SEO plugin. -->","yoast_head_json":{"title":"Praktikumsstelle f\u00fcr Lebens- und Sozialberaterinnen und -berater in Ausbildung (m\/w\/d) - Pflegezentrum Yspertal","robots":{"index":"index","follow":"follow","max-snippet":"max-snippet:-1","max-image-preview":"max-image-preview:large","max-video-preview":"max-video-preview:-1"},"canonical":"https:\/\/pflegezentrum-yspertal.at\/wordpress\/praktika\/praktikumsstelle-fuer-lebens-und-sozialberaterinnen-und-berater-in-ausbildung-m-w-d","og_locale":"de_DE","og_type":"article","og_title":"Praktikumsstelle f\u00fcr Lebens- und Sozialberaterinnen und -berater in Ausbildung (m\/w\/d) - Pflegezentrum Yspertal","og_url":"https:\/\/pflegezentrum-yspertal.at\/wordpress\/praktika\/praktikumsstelle-fuer-lebens-und-sozialberaterinnen-und-berater-in-ausbildung-m-w-d","og_site_name":"Pflegezentrum Yspertal","article_modified_time":"2025-05-20T06:21:58+00:00","twitter_card":"summary_large_image","twitter_misc":{"Gesch\u00e4tzte Lesezeit":"1\u00a0Minute"},"schema":{"@context":"https:\/\/schema.org","@graph":[{"@type":"WebPage","@id":"https:\/\/pflegezentrum-yspertal.at\/wordpress\/praktika\/praktikumsstelle-fuer-lebens-und-sozialberaterinnen-und-berater-in-ausbildung-m-w-d","url":"https:\/\/pflegezentrum-yspertal.at\/wordpress\/praktika\/praktikumsstelle-fuer-lebens-und-sozialberaterinnen-und-berater-in-ausbildung-m-w-d","name":"Praktikumsstelle f\u00fcr Lebens- und Sozialberaterinnen und -berater in Ausbildung (m\/w\/d) - Pflegezentrum Yspertal","isPartOf":{"@id":"https:\/\/yspertal.netzspinnerei.at\/#website"},"datePublished":"2025-05-20T06:18:42+00:00","dateModified":"2025-05-20T06:21:58+00:00","breadcrumb":{"@id":"https:\/\/pflegezentrum-yspertal.at\/wordpress\/praktika\/praktikumsstelle-fuer-lebens-und-sozialberaterinnen-und-berater-in-ausbildung-m-w-d#breadcrumb"},"inLanguage":"de","potentialAction":[{"@type":"ReadAction","target":["https:\/\/pflegezentrum-yspertal.at\/wordpress\/praktika\/praktikumsstelle-fuer-lebens-und-sozialberaterinnen-und-berater-in-ausbildung-m-w-d"]}]},{"@type":"BreadcrumbList","@id":"https:\/\/pflegezentrum-yspertal.at\/wordpress\/praktika\/praktikumsstelle-fuer-lebens-und-sozialberaterinnen-und-berater-in-ausbildung-m-w-d#breadcrumb","itemListElement":[{"@type":"ListItem","position":1,"name":"Home","item":"https:\/\/pflegezentrum-yspertal.at\/wordpress\/"},{"@type":"ListItem","position":2,"name":"Praktika","item":"https:\/\/yspertal.netzspinnerei.at\/praktika"},{"@type":"ListItem","position":3,"name":"Praktikumsstelle f\u00fcr Lebens- und Sozialberaterinnen und -berater in Ausbildung (m\/w\/d)"}]},{"@type":"WebSite","@id":"https:\/\/yspertal.netzspinnerei.at\/#website","url":"https:\/\/yspertal.netzspinnerei.at\/","name":"Pflegezentrum Yspertal","description":"","publisher":{"@id":"https:\/\/yspertal.netzspinnerei.at\/#organization"},"potentialAction":[{"@type":"SearchAction","target":{"@type":"EntryPoint","urlTemplate":"https:\/\/yspertal.netzspinnerei.at\/?s={search_term_string}"},"query-input":{"@type":"PropertyValueSpecification","valueRequired":true,"valueName":"search_term_string"}}],"inLanguage":"de"},{"@type":"Organization","@id":"https:\/\/yspertal.netzspinnerei.at\/#organization","name":"Pflegezentrum Yspertal","url":"https:\/\/yspertal.netzspinnerei.at\/","logo":{"@type":"ImageObject","inLanguage":"de","@id":"https:\/\/yspertal.netzspinnerei.at\/#\/schema\/logo\/image\/","url":"https:\/\/pflegezentrum-yspertal.at\/wordpress\/wp-content\/uploads\/2023\/10\/Logo-Border.jpg","contentUrl":"https:\/\/pflegezentrum-yspertal.at\/wordpress\/wp-content\/uploads\/2023\/10\/Logo-Border.jpg","width":787,"height":102,"caption":"Pflegezentrum Yspertal"},"image":{"@id":"https:\/\/yspertal.netzspinnerei.at\/#\/schema\/logo\/image\/"}}]}},"toolset-meta":{"jobs":{"job-beschreibung":{"type":"wysiwyg","raw":"M\u00f6chten Sie Ihre Ausbildung mit wertvoller Praxiserfahrung bereichern und \u00e4ltere Menschen in einem wertsch\u00e4tzenden Umfeld begleiten?\r\n\r\nDann sind Sie bei uns genau richtig! Unser Pflegezentrum legt gro\u00dfen Wert auf einen ganzheitlichen Ansatz in der Betreuung unserer Bewohnerinnen und Bewohner. Wir bieten Ihnen die M\u00f6glichkeit, Ihr Wissen und Ihre F\u00e4higkeiten aus der Ausbildung zur Lebens- und Sozialberaterin praxisnah einzubringen und weiterzuentwickeln.\r\n\r\n<strong>Was Sie bei uns an m\u00f6glichen Aufgaben erwartet:<\/strong>\r\n<ul>\r\n \t<li>Psychosoziale Betreuung von Bewohner*innen im Gruppen- oder Einzelsetting.<\/li>\r\n \t<li>Ressourcenarbeit und psychosoziale Unterst\u00fctzung bei Alltagsthemen.<\/li>\r\n \t<li>Psychosoziale Unterst\u00fctzung bei der Bew\u00e4ltigung von pers\u00f6nlichen Krisen, Trauer oder pers\u00f6nlichem Verlust.<\/li>\r\n<\/ul>\r\n<strong>Was wir uns w\u00fcnschen:<\/strong>\r\n<ul>\r\n \t<li>Laufende Ausbildung zur Lebens- und Sozialberaterin, zum Lebens- und Sozialberater (z.\u202fB. nach dem \u00f6sterreichischen Lebens- und Sozialberatergesetz).<\/li>\r\n \t<li>Interesse an der Arbeit mit \u00e4lteren und pflegebed\u00fcrftigen Menschen.<\/li>\r\n \t<li>Empathie, Kommunikationsfreude und Zuverl\u00e4ssigkeit.<\/li>\r\n \t<li>Bereitschaft zur Reflexion und Weiterentwicklung.<\/li>\r\n<\/ul>\r\n<strong>Wir bieten:<\/strong>\r\n<ul>\r\n \t<li>Professionelle Praxisanleitung und pers\u00f6nliche Begleitung.<\/li>\r\n \t<li>Individuelle Vereinbarung der Praktikumszeiten.<\/li>\r\n \t<li>Einblicke in die psychosoziale und aktivierende Arbeit im geriatrischen Bereich.<\/li>\r\n \t<li>M\u00f6glichkeit zur Teilnahme an Online Fortbildungen im Rahmen der Betrieblichen Gesundheitsf\u00f6rderung.<\/li>\r\n \t<li>Regelm\u00e4\u00dfiger Austausch mit anderen Praktikantinnen, Praktikanten und einem interdisziplin\u00e4ren Team.<\/li>\r\n \t<li>Nach Wunsch und Bedarf Fallbesprechungen.<\/li>\r\n \t<li>Je 40 Stunden Praktikum 1 Einheit Einzelsupervision oder Einzelselbsterfahrung, wenn gew\u00fcnscht.<\/li>\r\n \t<li>Kostenloses Mittagessen.<\/li>\r\n \t<li>M\u00f6glichkeit, eigene Ideen und Projekte im Rahmen des Praktikums umzusetzen z.B. Diplomarbeit.<\/li>\r\n \t<li>Nutzung der hauseigenen Seminarr\u00e4ume f\u00fcr Vortr\u00e4ge und Workshops, mit verg\u00fcnstigter Raummiete nach Absprache.<\/li>\r\n<\/ul>\r\nInteresse geweckt?\r\nDann freuen wir uns auf Ihre Bewerbung!"},"job-arbeitszeit":{"type":"textfield","raw":"Dauer mind. 80 Stunden in Teilzeit \/ nach Absprache"},"job-startdatum":{"type":"textfield","raw":"ab sofort"},"beitragsbild":{"type":"image","raw":"","attachment_id":null},"job-art":{"type":"select","raw":""}}},"_links":{"self":[{"href":"https:\/\/pflegezentrum-yspertal.at\/wordpress\/wp-json\/wp\/v2\/praktika\/9252","targetHints":{"allow":["GET"]}}],"collection":[{"href":"https:\/\/pflegezentrum-yspertal.at\/wordpress\/wp-json\/wp\/v2\/praktika"}],"about":[{"href":"https:\/\/pflegezentrum-yspertal.at\/wordpress\/wp-json\/wp\/v2\/types\/praktika"}],"wp:attachment":[{"href":"https:\/\/pflegezentrum-yspertal.at\/wordpress\/wp-json\/wp\/v2\/media?parent=9252"}],"curies":[{"name":"wp","href":"https:\/\/api.w.org\/{rel}","templated":true}]}}