{"version":"1.0","provider_name":"Pflegezentrum Yspertal","provider_url":"https:\/\/pflegezentrum-yspertal.at\/wordpress","title":"Musik tut gut - Einheit J\u00e4nner - Pflegezentrum Yspertal","type":"rich","width":600,"height":338,"html":"<blockquote class=\"wp-embedded-content\" data-secret=\"oisr9z139k\"><a href=\"https:\/\/pflegezentrum-yspertal.at\/wordpress\/musik-tut-gut-einheit-jaenner\">Musik tut gut &#8211; Einheit J\u00e4nner<\/a><\/blockquote><iframe sandbox=\"allow-scripts\" security=\"restricted\" src=\"https:\/\/pflegezentrum-yspertal.at\/wordpress\/musik-tut-gut-einheit-jaenner\/embed#?secret=oisr9z139k\" width=\"600\" height=\"338\" title=\"&#8222;Musik tut gut &#8211; Einheit J\u00e4nner&#8220; &#8211; Pflegezentrum Yspertal\" data-secret=\"oisr9z139k\" frameborder=\"0\" marginwidth=\"0\" marginheight=\"0\" scrolling=\"no\" class=\"wp-embedded-content\"><\/iframe><script>\n\/*! This file is auto-generated *\/\n!function(d,l){\"use strict\";l.querySelector&&d.addEventListener&&\"undefined\"!=typeof URL&&(d.wp=d.wp||{},d.wp.receiveEmbedMessage||(d.wp.receiveEmbedMessage=function(e){var t=e.data;if((t||t.secret||t.message||t.value)&&!\/[^a-zA-Z0-9]\/.test(t.secret)){for(var s,r,n,a=l.querySelectorAll('iframe[data-secret=\"'+t.secret+'\"]'),o=l.querySelectorAll('blockquote[data-secret=\"'+t.secret+'\"]'),c=new RegExp(\"^https?:$\",\"i\"),i=0;i<o.length;i++)o[i].style.display=\"none\";for(i=0;i<a.length;i++)s=a[i],e.source===s.contentWindow&&(s.removeAttribute(\"style\"),\"height\"===t.message?(1e3<(r=parseInt(t.value,10))?r=1e3:~~r<200&&(r=200),s.height=r):\"link\"===t.message&&(r=new URL(s.getAttribute(\"src\")),n=new URL(t.value),c.test(n.protocol))&&n.host===r.host&&l.activeElement===s&&(d.top.location.href=t.value))}},d.addEventListener(\"message\",d.wp.receiveEmbedMessage,!1),l.addEventListener(\"DOMContentLoaded\",function(){for(var e,t,s=l.querySelectorAll(\"iframe.wp-embedded-content\"),r=0;r<s.length;r++)(t=(e=s[r]).getAttribute(\"data-secret\"))||(t=Math.random().toString(36).substring(2,12),e.src+=\"#?secret=\"+t,e.setAttribute(\"data-secret\",t)),e.contentWindow.postMessage({message:\"ready\",secret:t},\"*\")},!1)))}(window,document);\n\/\/# sourceURL=https:\/\/pflegezentrum-yspertal.at\/wordpress\/wp-includes\/js\/wp-embed.min.js\n<\/script>\n","thumbnail_url":"https:\/\/pflegezentrum-yspertal.at\/wordpress\/wp-content\/uploads\/2024\/01\/IMG_20240108_094323.jpg","thumbnail_width":1024,"thumbnail_height":768,"description":"Das Motto der heutigen Stunde bildete das neue Jahr. Mit einem Walzer und den bunten T\u00fcchern, starteten wir ins neue Jahr. Mit den verschiedensten Bewegungen der T\u00fccher schufen wir uns unser eigenes Feuerwerk. Die Bewohnerinnen und Bewohner erz\u00e4hlten, dass sie zu Silvester der Pummering im Fernsehen gelauscht hatten. Danach sangen wir alte Lieder wie &#8222;Freut ... Weiterlesen"}