{"version":"1.0","provider_name":"Pflegezentrum Yspertal","provider_url":"https:\/\/pflegezentrum-yspertal.at\/wordpress","title":"Motorik Trainingstafel - Pflegezentrum Yspertal","type":"rich","width":600,"height":338,"html":"<blockquote class=\"wp-embedded-content\" data-secret=\"MCfePGDZH0\"><a href=\"https:\/\/pflegezentrum-yspertal.at\/wordpress\/motorik-trainingstafel\">Motorik Trainingstafel<\/a><\/blockquote><iframe sandbox=\"allow-scripts\" security=\"restricted\" src=\"https:\/\/pflegezentrum-yspertal.at\/wordpress\/motorik-trainingstafel\/embed#?secret=MCfePGDZH0\" width=\"600\" height=\"338\" title=\"&#8222;Motorik Trainingstafel&#8220; &#8211; Pflegezentrum Yspertal\" data-secret=\"MCfePGDZH0\" frameborder=\"0\" marginwidth=\"0\" marginheight=\"0\" scrolling=\"no\" class=\"wp-embedded-content\"><\/iframe><script>\n\/*! This file is auto-generated *\/\n!function(d,l){\"use strict\";l.querySelector&&d.addEventListener&&\"undefined\"!=typeof URL&&(d.wp=d.wp||{},d.wp.receiveEmbedMessage||(d.wp.receiveEmbedMessage=function(e){var t=e.data;if((t||t.secret||t.message||t.value)&&!\/[^a-zA-Z0-9]\/.test(t.secret)){for(var s,r,n,a=l.querySelectorAll('iframe[data-secret=\"'+t.secret+'\"]'),o=l.querySelectorAll('blockquote[data-secret=\"'+t.secret+'\"]'),c=new RegExp(\"^https?:$\",\"i\"),i=0;i<o.length;i++)o[i].style.display=\"none\";for(i=0;i<a.length;i++)s=a[i],e.source===s.contentWindow&&(s.removeAttribute(\"style\"),\"height\"===t.message?(1e3<(r=parseInt(t.value,10))?r=1e3:~~r<200&&(r=200),s.height=r):\"link\"===t.message&&(r=new URL(s.getAttribute(\"src\")),n=new URL(t.value),c.test(n.protocol))&&n.host===r.host&&l.activeElement===s&&(d.top.location.href=t.value))}},d.addEventListener(\"message\",d.wp.receiveEmbedMessage,!1),l.addEventListener(\"DOMContentLoaded\",function(){for(var e,t,s=l.querySelectorAll(\"iframe.wp-embedded-content\"),r=0;r<s.length;r++)(t=(e=s[r]).getAttribute(\"data-secret\"))||(t=Math.random().toString(36).substring(2,12),e.src+=\"#?secret=\"+t,e.setAttribute(\"data-secret\",t)),e.contentWindow.postMessage({message:\"ready\",secret:t},\"*\")},!1)))}(window,document);\n\/\/# sourceURL=https:\/\/pflegezentrum-yspertal.at\/wordpress\/wp-includes\/js\/wp-embed.min.js\n<\/script>\n","thumbnail_url":"https:\/\/pflegezentrum-yspertal.at\/wordpress\/wp-content\/uploads\/2023\/07\/IMG-20230706-WA0003.jpg","thumbnail_width":1512,"thumbnail_height":2016,"description":"Der Arbeitskreis Demenz hat f\u00fcr unsere an Demenz erkrankten Bewohner:innen, deren Motorik beeintr\u00e4chtigt ist, eine Motorik Trainingstafel entwickelt zur F\u00f6rderung der Grob- und Feinmotorik. Die Mitarbeiter:innen haben gemeinsam unterschiedliche Gegenst\u00e4nde des Lebens zusammengesucht aus dem heimischen Fundus und zur Verf\u00fcgung gestellt. Unser Haustechniker Herr Andreas Lampl hat in m\u00fchevoller Arbeit diese unterschiedlichen Gegenst\u00e4nde an der ... Weiterlesen"}