{"version":"1.0","provider_name":"Pflegezentrum Yspertal","provider_url":"https:\/\/pflegezentrum-yspertal.at\/wordpress","title":"\"Bitte zu Tisch - Genuss verbindet\" - Pflegezentrum Yspertal","type":"rich","width":600,"height":338,"html":"<blockquote class=\"wp-embedded-content\" data-secret=\"QlpbB6EShs\"><a href=\"https:\/\/pflegezentrum-yspertal.at\/wordpress\/bitte-zu-tisch-genuss-verbindet-2\">&#8222;Bitte zu Tisch &#8211; Genuss verbindet&#8220;<\/a><\/blockquote><iframe sandbox=\"allow-scripts\" security=\"restricted\" src=\"https:\/\/pflegezentrum-yspertal.at\/wordpress\/bitte-zu-tisch-genuss-verbindet-2\/embed#?secret=QlpbB6EShs\" width=\"600\" height=\"338\" title=\"&#8222;&#8222;Bitte zu Tisch &#8211; Genuss verbindet&#8220;&#8220; &#8211; Pflegezentrum Yspertal\" data-secret=\"QlpbB6EShs\" frameborder=\"0\" marginwidth=\"0\" marginheight=\"0\" scrolling=\"no\" class=\"wp-embedded-content\"><\/iframe><script>\n\/*! This file is auto-generated *\/\n!function(d,l){\"use strict\";l.querySelector&&d.addEventListener&&\"undefined\"!=typeof URL&&(d.wp=d.wp||{},d.wp.receiveEmbedMessage||(d.wp.receiveEmbedMessage=function(e){var t=e.data;if((t||t.secret||t.message||t.value)&&!\/[^a-zA-Z0-9]\/.test(t.secret)){for(var s,r,n,a=l.querySelectorAll('iframe[data-secret=\"'+t.secret+'\"]'),o=l.querySelectorAll('blockquote[data-secret=\"'+t.secret+'\"]'),c=new RegExp(\"^https?:$\",\"i\"),i=0;i<o.length;i++)o[i].style.display=\"none\";for(i=0;i<a.length;i++)s=a[i],e.source===s.contentWindow&&(s.removeAttribute(\"style\"),\"height\"===t.message?(1e3<(r=parseInt(t.value,10))?r=1e3:~~r<200&&(r=200),s.height=r):\"link\"===t.message&&(r=new URL(s.getAttribute(\"src\")),n=new URL(t.value),c.test(n.protocol))&&n.host===r.host&&l.activeElement===s&&(d.top.location.href=t.value))}},d.addEventListener(\"message\",d.wp.receiveEmbedMessage,!1),l.addEventListener(\"DOMContentLoaded\",function(){for(var e,t,s=l.querySelectorAll(\"iframe.wp-embedded-content\"),r=0;r<s.length;r++)(t=(e=s[r]).getAttribute(\"data-secret\"))||(t=Math.random().toString(36).substring(2,12),e.src+=\"#?secret=\"+t,e.setAttribute(\"data-secret\",t)),e.contentWindow.postMessage({message:\"ready\",secret:t},\"*\")},!1)))}(window,document);\n\/\/# sourceURL=https:\/\/pflegezentrum-yspertal.at\/wordpress\/wp-includes\/js\/wp-embed.min.js\n<\/script>\n","description":"Unter diesem Motto findet im Multifunktionsraum der viertelj\u00e4hrliche, gemeinsame Austausch mit unserem K\u00fcchenleiter Gerhard und den Bewohner*innen des Pflegezentrums statt. Bei den Treffen informiert der K\u00fcchenleiter die Bewohnerinnen und Bewohner zum Thema Regionalit\u00e4t, Saisonalit\u00e4t und Nachhaltigkeit der Lebensmittel. Es werden Neuerungen am Speiseplan besprochen und W\u00fcnsche der Bewohner*innen f\u00fcr die jeweilige Saison erhoben. Weiters werden ... Weiterlesen"}